{"id":2,"date":"2024-02-24T18:38:42","date_gmt":"2024-02-24T17:38:42","guid":{"rendered":"http:\/\/closdesecureuils-anjou.com\/?page_id=2"},"modified":"2026-04-23T15:53:52","modified_gmt":"2026-04-23T13:53:52","slug":"chambre","status":"publish","type":"page","link":"https:\/\/closdesecureuils-anjou.fr\/index.php\/chambre\/","title":{"rendered":"Chambre"},"content":{"rendered":"\n<p>Situ\u00e9e \u00e0 l&rsquo;extr\u00e9mit\u00e9 de la maison et au rez-de-chauss\u00e9e, notre unique chambre d&rsquo;h\u00f4te dispose d&rsquo;une entr\u00e9e privative. V\u00e9ritable suite, vous b\u00e9n\u00e9ficiez d&rsquo;un espace de 33 m\u00b2 : un lit 2 personnes, un petit bureau, un canap\u00e9, un fauteuil, une grande salle d&rsquo;eau (11 m\u00b2) aux normes PMR avec douche \u00e0 l&rsquo;italienne et WC priv\u00e9s. Sur demande, nous ajouterons un lit parapluie pour b\u00e9b\u00e9.<\/p>\n\n\n\n<p>Vieilles poutres apparentes, tomettes anciennes et mur en moellon de tuffeau conf\u00e8rent beaucoup de charme \u00e0 cette vaste chambre.<\/p>\n\n\n\n<figure class=\"wp-block-gallery has-nested-images columns-default is-cropped wp-block-gallery-1 is-layout-flex wp-block-gallery-is-layout-flex\">\n<figure class=\"wp-block-image size-full\"><img loading=\"lazy\" decoding=\"async\" width=\"800\" height=\"600\" data-id=\"194\" src=\"https:\/\/closdesecureuils-anjou.fr\/wp-content\/uploads\/2026\/04\/closdesecureuils-anjou-chambre-A.jpg\" alt=\"\" class=\"wp-image-194\" srcset=\"https:\/\/closdesecureuils-anjou.fr\/wp-content\/uploads\/2026\/04\/closdesecureuils-anjou-chambre-A.jpg 800w, https:\/\/closdesecureuils-anjou.fr\/wp-content\/uploads\/2026\/04\/closdesecureuils-anjou-chambre-A-300x225.jpg 300w, https:\/\/closdesecureuils-anjou.fr\/wp-content\/uploads\/2026\/04\/closdesecureuils-anjou-chambre-A-768x576.jpg 768w, https:\/\/closdesecureuils-anjou.fr\/wp-content\/uploads\/2026\/04\/closdesecureuils-anjou-chambre-A-80x60.jpg 80w, https:\/\/closdesecureuils-anjou.fr\/wp-content\/uploads\/2026\/04\/closdesecureuils-anjou-chambre-A-640x480.jpg 640w, https:\/\/closdesecureuils-anjou.fr\/wp-content\/uploads\/2026\/04\/closdesecureuils-anjou-chambre-A-110x83.jpg 110w\" sizes=\"auto, (max-width: 800px) 100vw, 800px\" \/><\/figure>\n<\/figure>\n\n\n\n<figure class=\"wp-block-gallery has-nested-images columns-default is-cropped wp-block-gallery-2 is-layout-flex wp-block-gallery-is-layout-flex\">\n<figure class=\"wp-block-image size-full\"><img loading=\"lazy\" decoding=\"async\" width=\"265\" height=\"199\" data-id=\"189\" src=\"https:\/\/closdesecureuils-anjou.fr\/wp-content\/uploads\/2025\/07\/2024-05-06.jpg\" alt=\"\" class=\"wp-image-189\" srcset=\"https:\/\/closdesecureuils-anjou.fr\/wp-content\/uploads\/2025\/07\/2024-05-06.jpg 265w, https:\/\/closdesecureuils-anjou.fr\/wp-content\/uploads\/2025\/07\/2024-05-06-80x60.jpg 80w, https:\/\/closdesecureuils-anjou.fr\/wp-content\/uploads\/2025\/07\/2024-05-06-110x83.jpg 110w\" sizes=\"auto, (max-width: 265px) 100vw, 265px\" \/><\/figure>\n\n\n\n<figure class=\"wp-block-image size-large\"><img loading=\"lazy\" decoding=\"async\" width=\"1024\" height=\"683\" data-id=\"191\" src=\"https:\/\/closdesecureuils-anjou.fr\/wp-content\/uploads\/2025\/07\/IMG_8188-1024x683.jpg\" alt=\"\" class=\"wp-image-191\" srcset=\"https:\/\/closdesecureuils-anjou.fr\/wp-content\/uploads\/2025\/07\/IMG_8188-1024x683.jpg 1024w, https:\/\/closdesecureuils-anjou.fr\/wp-content\/uploads\/2025\/07\/IMG_8188-300x200.jpg 300w, https:\/\/closdesecureuils-anjou.fr\/wp-content\/uploads\/2025\/07\/IMG_8188-768x512.jpg 768w, https:\/\/closdesecureuils-anjou.fr\/wp-content\/uploads\/2025\/07\/IMG_8188-1536x1024.jpg 1536w, https:\/\/closdesecureuils-anjou.fr\/wp-content\/uploads\/2025\/07\/IMG_8188-2048x1365.jpg 2048w, https:\/\/closdesecureuils-anjou.fr\/wp-content\/uploads\/2025\/07\/IMG_8188-90x60.jpg 90w, https:\/\/closdesecureuils-anjou.fr\/wp-content\/uploads\/2025\/07\/IMG_8188-370x247.jpg 370w, https:\/\/closdesecureuils-anjou.fr\/wp-content\/uploads\/2025\/07\/IMG_8188-776x517.jpg 776w\" sizes=\"auto, (max-width: 1024px) 100vw, 1024px\" \/><\/figure>\n<\/figure>\n\n\n\n<div class=\"wp-block-group\"><div class=\"wp-block-group__inner-container is-layout-constrained wp-block-group-is-layout-constrained\">\n<p><strong>Tarifs 202<\/strong>6<br><strong>Du 1er octobre au 30 avril<\/strong><br>2 personnes 70\u20ac \/ 1 personne 65\u20ac<\/p>\n<\/div><\/div>\n\n\n\n<div class=\"wp-block-group\"><div class=\"wp-block-group__inner-container is-layout-constrained wp-block-group-is-layout-constrained\">\n<p><strong>Du 1er mai au 30 septembre<\/strong><br>2 personnes 80\u20ac \/ 1 personne 75\u20ac<\/p>\n<\/div><\/div>\n\n\n\n<div class=\"wp-block-group\"><div class=\"wp-block-group__inner-container is-layout-constrained wp-block-group-is-layout-constrained\">\n<div class=\"wp-block-group\"><div class=\"wp-block-group__inner-container is-layout-constrained wp-block-group-is-layout-constrained\">\n<p>Petit d\u00e9jeuner inclus<br>Taxe de s\u00e9jour 0.60\u20ac\/pers + taxe additionnelle 0.06\u20ac\/pers<\/p>\n\n\n\n<p><a href=\"https:\/\/www.cybevasion.fr\/ch24643\" title=\"V\u00e9rifiez les disponibilit\u00e9s \">V\u00e9rifiez les disponibilit\u00e9s <\/a><\/p>\n<\/div><\/div>\n<\/div><\/div>\n\n\n\n<p>Nous vous sugg\u00e9rons <a href=\"https:\/\/closdesecureuils-anjou.fr\/index.php\/activites\/\" title=\"quelques activit\u00e9s autour de chez nous\">quelques activit\u00e9s autour de chez nous<\/a>.<\/p>\n","protected":false},"excerpt":{"rendered":"<p>Situ\u00e9e \u00e0 l&rsquo;extr\u00e9mit\u00e9 de la maison et au rez-de-chauss\u00e9e, notre unique chambre d&rsquo;h\u00f4te dispose d&rsquo;une entr\u00e9e privative. V\u00e9ritable suite, vous b\u00e9n\u00e9ficiez d&rsquo;un espace de 33 m\u00b2 : un lit 2 &hellip; <\/p>\n","protected":false},"author":1,"featured_media":0,"parent":0,"menu_order":0,"comment_status":"closed","ping_status":"open","template":"","meta":{"om_disable_all_campaigns":false,"_monsterinsights_skip_tracking":false,"_monsterinsights_sitenote_active":false,"_monsterinsights_sitenote_note":"","_monsterinsights_sitenote_category":0,"footnotes":""},"class_list":["post-2","page","type-page","status-publish","hentry"],"aioseo_notices":[],"_links":{"self":[{"href":"https:\/\/closdesecureuils-anjou.fr\/index.php\/wp-json\/wp\/v2\/pages\/2","targetHints":{"allow":["GET"]}}],"collection":[{"href":"https:\/\/closdesecureuils-anjou.fr\/index.php\/wp-json\/wp\/v2\/pages"}],"about":[{"href":"https:\/\/closdesecureuils-anjou.fr\/index.php\/wp-json\/wp\/v2\/types\/page"}],"author":[{"embeddable":true,"href":"https:\/\/closdesecureuils-anjou.fr\/index.php\/wp-json\/wp\/v2\/users\/1"}],"replies":[{"embeddable":true,"href":"https:\/\/closdesecureuils-anjou.fr\/index.php\/wp-json\/wp\/v2\/comments?post=2"}],"version-history":[{"count":18,"href":"https:\/\/closdesecureuils-anjou.fr\/index.php\/wp-json\/wp\/v2\/pages\/2\/revisions"}],"predecessor-version":[{"id":198,"href":"https:\/\/closdesecureuils-anjou.fr\/index.php\/wp-json\/wp\/v2\/pages\/2\/revisions\/198"}],"wp:attachment":[{"href":"https:\/\/closdesecureuils-anjou.fr\/index.php\/wp-json\/wp\/v2\/media?parent=2"}],"curies":[{"name":"wp","href":"https:\/\/api.w.org\/{rel}","templated":true}]}}